{"id":512,"date":"2024-02-05T15:52:21","date_gmt":"2024-02-05T14:52:21","guid":{"rendered":"https:\/\/amis-claude-tillier.org\/?page_id=512"},"modified":"2024-05-30T18:27:16","modified_gmt":"2024-05-30T16:27:16","slug":"activites-en-2024","status":"publish","type":"page","link":"https:\/\/amis-claude-tillier.org\/index.php\/activites-en-2024\/","title":{"rendered":"Activit\u00e9s en 2024"},"content":{"rendered":"\n<p class=\"has-text-align-center\"><em><strong>CONF\u00c9RENCE du 20 janvier 2024<\/strong><\/em><br><br>Un ami de notre association, dont la modestie n\u2019a d\u2019\u00e9gale que la grande connaissance de la vie et de<br>l\u2019\u0153uvre du pamphl\u00e9taire et romancier clamecycois, a donn\u00e9 \u00e0 la m\u00e9diath\u00e8que une conf\u00e9rence<br>intitul\u00e9e \u00ab les adaptations m\u00e9diatiques de l\u2019\u0153uvre de Claude Tillier \u00bb. \u00c9tay\u00e9e par une riche<br>iconographie, sa conf\u00e9rence a pr\u00e9sent\u00e9 ce que le th\u00e9\u00e2tre et le cin\u00e9ma avaient pu produire \u00e0 partir de<br>l\u2019\u0153uvre de Claude Tillier, principalement de son c\u00e9l\u00e8bre roman. Du premier film Mon Oncle<br>Benjamin en noir et blanc, de 1923, r\u00e9alis\u00e9 et mis en sc\u00e8ne par Ren\u00e9 Leprince jusqu\u2019\u00e0 celui<br>d\u2019\u00c9douard Molinaro de 1969, en passant par diverses adaptations th\u00e9\u00e2trales, comme la pi\u00e8ce de<br>Simone et Jean Drouillet de 1937, jou\u00e9e \u00e0 Clamecy et Corbigny en 2001, ou celle de Robert<br>Pouyaud avec le Groupe Artistique de Clamecy en 1947, le conf\u00e9rencier a parcouru presque un<br>si\u00e8cle de productions artistiques inspir\u00e9es de l\u2019\u0153uvre de Claude Tillier, tout en parlant des acteurs<br>et des lieux de tournages, anecdotes \u00e0 l\u2019appui. Une apr\u00e8s-midi tr\u00e8s instructive qui s\u2019est termin\u00e9e par<br>la traditionnelle galette des Rois.<\/p>\n\n\n\n<p><\/p>\n\n\n<div class=\"wp-block-image\">\n<figure class=\"aligncenter size-large is-resized\"><img loading=\"lazy\" decoding=\"async\" width=\"768\" height=\"1024\" src=\"https:\/\/amis-claude-tillier.org\/wp-content\/uploads\/2024\/02\/CONFERENCE-DANIEL-JARREAU-768x1024.jpg\" alt=\"\" class=\"wp-image-529\" style=\"width:468px;height:auto\" srcset=\"https:\/\/amis-claude-tillier.org\/wp-content\/uploads\/2024\/02\/CONFERENCE-DANIEL-JARREAU-768x1024.jpg 768w, https:\/\/amis-claude-tillier.org\/wp-content\/uploads\/2024\/02\/CONFERENCE-DANIEL-JARREAU-225x300.jpg 225w, https:\/\/amis-claude-tillier.org\/wp-content\/uploads\/2024\/02\/CONFERENCE-DANIEL-JARREAU-1152x1536.jpg 1152w, https:\/\/amis-claude-tillier.org\/wp-content\/uploads\/2024\/02\/CONFERENCE-DANIEL-JARREAU-1536x2048.jpg 1536w, https:\/\/amis-claude-tillier.org\/wp-content\/uploads\/2024\/02\/CONFERENCE-DANIEL-JARREAU-1140x1520.jpg 1140w, https:\/\/amis-claude-tillier.org\/wp-content\/uploads\/2024\/02\/CONFERENCE-DANIEL-JARREAU-scaled.jpg 1920w\" sizes=\"auto, (max-width: 768px) 100vw, 768px\" \/><figcaption class=\"wp-element-caption\">Viviane Marcelot, tr\u00e9sori\u00e8re, s&rsquo;entretient avec le conf\u00e9rencier.<\/figcaption><\/figure>\n<\/div>\n\n\n<h4 class=\"wp-block-heading has-text-align-center\"><strong><em>BANQUET REPUBLICAIN du 11 f\u00e9vrier 2024<\/em><\/strong> \u00e0 Auxerre<\/h4>\n\n\n\n<p>Trois membres du conseil d&rsquo;administration ont particip\u00e9 au banquet r\u00e9publicain organis\u00e9 par la Libre Pens\u00e9e de l&rsquo;Yonne <\/p>\n\n\n<div class=\"wp-block-image\">\n<figure class=\"aligncenter size-large is-resized\"><img loading=\"lazy\" decoding=\"async\" width=\"1024\" height=\"768\" src=\"https:\/\/amis-claude-tillier.org\/wp-content\/uploads\/2024\/05\/BANQUET-REPUBLICAIN-AUXERRE-1024x768.jpg\" alt=\"\" class=\"wp-image-563\" style=\"width:357px;height:auto\" srcset=\"https:\/\/amis-claude-tillier.org\/wp-content\/uploads\/2024\/05\/BANQUET-REPUBLICAIN-AUXERRE-1024x768.jpg 1024w, https:\/\/amis-claude-tillier.org\/wp-content\/uploads\/2024\/05\/BANQUET-REPUBLICAIN-AUXERRE-300x225.jpg 300w, https:\/\/amis-claude-tillier.org\/wp-content\/uploads\/2024\/05\/BANQUET-REPUBLICAIN-AUXERRE-768x576.jpg 768w, https:\/\/amis-claude-tillier.org\/wp-content\/uploads\/2024\/05\/BANQUET-REPUBLICAIN-AUXERRE-1536x1152.jpg 1536w, https:\/\/amis-claude-tillier.org\/wp-content\/uploads\/2024\/05\/BANQUET-REPUBLICAIN-AUXERRE-2048x1536.jpg 2048w, https:\/\/amis-claude-tillier.org\/wp-content\/uploads\/2024\/05\/BANQUET-REPUBLICAIN-AUXERRE-1140x855.jpg 1140w\" sizes=\"auto, (max-width: 1024px) 100vw, 1024px\" \/><\/figure>\n<\/div>\n\n\n<h4 class=\"wp-block-heading has-text-align-center\"> <\/h4>\n\n\n\n<h4 class=\"wp-block-heading has-text-align-center\"><em><strong>ASSEMBLEE GENERALE<\/strong> <strong> le 7 avril 2024 \u00e0 Lormes (58)<\/strong><\/em><\/h4>\n\n\n\n<p>La s\u00e9ance s&rsquo;ouvre \u00e0 9 h 30 dans la salle de la mairie de Lormes par Pierre Li\u00e9geois, responsable l\u00e9gal de l\u2019association<\/p>\n\n\n\n<p>Liste de pr\u00e9sence (25 )<\/p>\n\n\n\n<p>Li\u00e9geois Martine, Eurenswiller, Colin Herv\u00e9, Palenzuela Serge, Palenzuela Jeannine, Philibert Mich\u00e8le, Frilley Denise, Mille Jean-Marc, Lindemann Claudine, Maillard Odile, Maillard Pascal, Millot Benjamine, Morel Louise, Eito Fran\u00e7oise, Bierry jean-Luc, Paul Christian, Lacroix Jean-Pierre, Galmard Claudine, Champault Elisabeth, Lemoine Francette, Lemoine Roland, Boulanger Chantal, Li\u00e9geois Pierre, Montenache Patrick, Marcelot Viviane.<\/p>\n\n\n\n<p>Absents excus\u00e9s (3)&nbsp;<\/p>\n\n\n\n<p>Soenen Madeleine, Taupenot Val\u00e9rie, Muller-Champion Fran\u00e7oise.<\/p>\n\n\n\n<p>Pouvoirs&nbsp; (15 )<\/p>\n\n\n\n<p>Halay Reynald, Dutilleul Philippe, Marchand Georges, Marchand Nicole, Colas Josiane, Garnault Bernard, Filliozat Jacqueline, Lautmann Jean-Pierre, Desmet-Gaillard, Corvol Xavier, Villemin Michel, Villemin Marie-Ange, Rignault Francine, Pierre Jean-Louis.<\/p>\n\n\n\n<p><strong>Propos liminaires<\/strong><\/p>\n\n\n\n<p>La pr\u00e9sidente de l\u2019association Pierre Malardier, Jeannine Palenzuela, qui a collabor\u00e9 \u00e0 l\u2019organisation de cette assembl\u00e9e g\u00e9n\u00e9rale, remercie les personnes de leur pr\u00e9sence et se r\u00e9jouit du choix de Lormes par l\u2019association des Amis de Claude Tillier. Elle rappelle qu\u2019une pr\u00e9c\u00e9dente assembl\u00e9e g\u00e9n\u00e9rale avait d\u00e9j\u00e0 eu lieu dans la cit\u00e9 morvandelle en 2018, sur les pas d\u2019Henri Bachelin, dont la m\u00e9moire est entretenue par l\u2019association Henri Bachelin, pr\u00e9sid\u00e9e par Jean-Pierre Lacroix. Cette ann\u00e9e, elle se d\u00e9roule sur les pas de Pierre Malardier, grand r\u00e9publicain lormois qui partagea les m\u00eames id\u00e9es politiques, religieuses, sociales et \u00e9ducatives que le pamphl\u00e9taire clamecycois Claude Tillier. La vie de Pierre Malardier sera d\u00e9velopp\u00e9e en fin de matin\u00e9e par une conf\u00e9rence de Micha\u00ebl Boudard, charg\u00e9 d\u2019\u00e9tudes documentaires aux archives d\u00e9partementales de la Ni\u00e8vre. Monsieur le maire de la commune, Christian Paul, souhaite la bienvenue dans sa cit\u00e9 \u00e0 toute l\u2019assistance.<\/p>\n\n\n\n<p><strong>Rapport moral pr\u00e9sent\u00e9 par Pierre Li\u00e9geois<\/strong><\/p>\n\n\n\n<p><strong>Bilan des activit\u00e9s de l\u2019exercice 2023<\/strong><\/p>\n\n\n\n<p><strong>1. R\u00e9unions du conseil d\u2019administration<\/strong><\/p>\n\n\n\n<p>Le conseil d\u2019administration s\u2019est r\u00e9uni \u00e0 deux reprises. Claudine Galmard, pr\u00e9sidente d\u2019honneur a \u00e9t\u00e9 invit\u00e9e \u00e0 l\u2019un d\u2019eux. Quatre membres se sont rencontr\u00e9s plusieurs fois pour travailler et soumettre des propositions \u00e0 l\u2019ensemble du conseil.<\/p>\n\n\n\n<p><strong>2. Activit\u00e9s r\u00e9alis\u00e9es durant l\u2019exercice 2023<\/strong><\/p>\n\n\n\n<p>14 janvier&nbsp;: A l\u2019occasion de la traditionnelle galette des Rois, projection d\u2019un film r\u00e9alis\u00e9 \u00e0 l\u2019occasion des festivit\u00e9s de 2005 comm\u00e9morant le centenaire de l\u2019inauguration du buste de Claude Tillier en 1905, avec Jules Renard.<\/p>\n\n\n\n<p>2 avril&nbsp;: Assembl\u00e9e g\u00e9n\u00e9rale \u00e0 la salle des f\u00eates d\u2019Armes. Elle a \u00e9t\u00e9 l\u2019occasion d\u2019un commentaire par Christian Rey, membre de l\u2019association et vice-pr\u00e9sident de la SSAC (Soci\u00e9t\u00e9 Scientifique et Artistique de Clamecy), des peintures murales d\u2019Adrien Fister qui d\u00e9corent les murs de cette salle, illustrant les passages pittoresques du roman de Claude Tillier \u00ab&nbsp;Belle-Plante et Corn\u00e9lius&nbsp;\u00bb. L\u2019ascension en montgolfi\u00e8re organis\u00e9e en 2005 a \u00e9t\u00e9 visionn\u00e9e gr\u00e2ce au film amateur de Guy Marcelot.<\/p>\n\n\n\n<p>30 avril&nbsp;: participation aux \u00ab&nbsp;Dupinades&nbsp;\u00bb, festivit\u00e9s organis\u00e9es par la mairie de Varzy. visant \u00e0 tourner en d\u00e9rision Dupin A\u00een\u00e9, d\u00e9put\u00e9 honni de Claude Tillier. Mich\u00e8le Philibert, Viviane Marcelot et Patrick Montenache ont collabor\u00e9 \u00e0 la s\u00e9lection et au commentaire de pamphlets de Tillier visant Dupin, qui ont \u00e9t\u00e9 expos\u00e9s autour des caricatures de ce dernier, dans les rues de Varzy. Une chansonnette humoristique sur l\u2019air de Cadet Roussel, \u00ab&nbsp;Le P\u00e8re Dupin&nbsp;\u00bb a \u00e9t\u00e9 propos\u00e9e.<\/p>\n\n\n\n<p>3 juin&nbsp;: sortie culturelle, avec trois visites guid\u00e9es &nbsp;: ch\u00e2teau de Bazoches, mus\u00e9e Vauban \u00e0 St-L\u00e9ger-Vauban et ch\u00e2teau de Chastellux, un des sites de tournages des sc\u00e8nes du film \u00ab&nbsp;Mon Oncle Benjamin&nbsp;\u00bb d\u2019Edouard Molinaro.<\/p>\n\n\n\n<p>De mars \u00e0 juin&nbsp;: cr\u00e9ation d\u2019un site internet \u00ab&nbsp;Claude Tillier&nbsp;\u00bb facilement accessible sur les portables, lors de dix s\u00e9ances le lundi avec Laurent Couturaud, m\u00e9diateur num\u00e9rique \u00e0 la Mission Num\u00e9rique du Pays Nivernais-Morvan. Quatre membres du conseil d\u2019administration ont particip\u00e9 \u00e0 ces r\u00e9unions de travail.<\/p>\n\n\n\n<p>Juin&nbsp;: l\u2019association avallonnaise \u00ab&nbsp;Loisirs et Culture en Avallonnais&nbsp;\u00bb a sollicit\u00e9 Claudine Galmard, pr\u00e9sidente d\u2019honneur et fondatrice de notre association, pour la visite de Clamecy \u00ab&nbsp;Sur les pas de Claude Tillier&nbsp;\u00bb.<\/p>\n\n\n\n<p><strong>3. Publications<\/strong><\/p>\n\n\n\n<p>&#8211; Le bulletin n\u00b0 13 des <em>Cahiers de Claude Tillier<\/em> (189 pages), tir\u00e9 \u00e0 100 exemplaires, est paru en octobre 2023. Il contient 7 articles principaux et divers comptes-rendus d\u2019activit\u00e9s, dont nous remercions vivement les auteurs.<\/p>\n\n\n\n<p>&#8211; Le roman de Claude Tillier Belle-Plante et Corn\u00e9lius, imprim\u00e9 chez Laballery, a \u00e9t\u00e9 r\u00e9\u00e9dit\u00e9.<\/p>\n\n\n\n<p>&#8211; Un pamphlet de Claude Tillier, Sainte Flavie, pr\u00e9fac\u00e9 par Claudine Galmard et \u00e9dit\u00e9 par La Gu\u00eapine, maison d\u2019\u00e9dition de Loches (Indre-et-Loire) est en vente \u00e0 la librairie Le Millefeuille \u00e0 Clamecy.<\/p>\n\n\n\n<p>Adoption du rapport moral \u00e0 l\u2019unanimit\u00e9.<\/p>\n\n\n\n<p><strong>Rapport financier<\/strong><\/p>\n\n\n\n<p><strong>pr\u00e9sent\u00e9 par Viviane Marcelot, tr\u00e9sori\u00e8re<\/strong><\/p>\n\n\n\n<p>Bilan \u00e9tabli en 2024. Les documents comptables \u00e9tablis au 31 d\u00e9cembre 2023 ont \u00e9t\u00e9 vis\u00e9s par Marie-Claude Duparchy et Marie-France Jolimet les 4 et 5 avril 2024. Ce bilan fait appara\u00eetre un d\u00e9ficit de 1.719 \u20ac, les d\u00e9penses occasionn\u00e9es par la r\u00e9alisation du cahier n\u00b013 ayant \u00e9t\u00e9 importantes (3.549\u20ac).<\/p>\n\n\n\n<p>Le budget pr\u00e9visionnel 2024 est bien \u00e9quilibr\u00e9 en d\u00e9penses et recettes \u00e0 hauteur de 6.510 \u20ac.<\/p>\n\n\n\n<p>Nous remercions les partenaires publics qui ont soutenu l\u2019\u00e9dition du cahier n\u00b013, la ville de Clamecy et le d\u00e9partement de la Ni\u00e8vre, ainsi qu\u2019une donatrice, membre du conseil d\u2019administration qui a fait un don de 1.000 \u20ac.<\/p>\n\n\n\n<p>Adoption du rapport financier \u00e0 l\u2019unanimit\u00e9&nbsp;.<\/p>\n\n\n\n<p><strong>Conseil d\u2019administration&nbsp;\/ bureau<\/strong><\/p>\n\n\n\n<p>Marie-H\u00e9l\u00e8ne Tr\u00e9heux a quitt\u00e9 le conseil d\u2019administration , qui comporte d\u00e9sormais 9 membres.<\/p>\n\n\n\n<p>Chantal Boulanger remplace Viviane Marcelot \u00e0 la tr\u00e9sorerie.<\/p>\n\n\n\n<p><strong>Perspectives 2024<\/strong><\/p>\n\n\n\n<p>20 janvier&nbsp;: Daniel Jarreau a pr\u00e9sent\u00e9 l\u2019\u00ab&nbsp;adaptation m\u00e9diatique des \u0153uvres de Claude Tillier&nbsp;\u00bb, \u00e0 la m\u00e9diath\u00e8que, \u00e0 l\u2019occasion de la galette des Rois Une conf\u00e9rence richement document\u00e9e sur l\u2019exploitation th\u00e9\u00e2trale et cin\u00e9matographique des romans de Claude Tillier.<\/p>\n\n\n\n<p>11 f\u00e9vrier&nbsp;: 3 membres du C.A. ont particip\u00e9 au Banquet R\u00e9publicain \u00e0 Auxerre, organis\u00e9 par la Libre pens\u00e9e de l\u2019Yonne. Conf\u00e9rence de l\u2019historien Alain Chicouard \u00ab&nbsp;le conflit isra\u00e9lo-palestinien, origines, enjeux, perspectives&nbsp;\u00bb. Evocation musicale de l\u2019Affiche Rouge avec G\u00e9rard-Andr\u00e9, Jacques Guillaume. Jean-No\u00ebl Gu\u00e9nard, pr\u00e9sident de la Libre Pens\u00e9e de l\u2019Yonne, a pr\u00e9sent\u00e9 notre association aux participants.<\/p>\n\n\n\n<p>4 mai&nbsp;: A 15 h \u00e0 la m\u00e9diath\u00e8que, conf\u00e9rence de Jacques Guillaume&nbsp;: \u00ab&nbsp;Alexandre Marius Jacob et les travailleurs de la nuit&nbsp;\u00bb. Le conf\u00e9rencier sera invit\u00e9 \u00e0 d\u00e9jeuner.<\/p>\n\n\n\n<p>Date \u00e0 d\u00e9terminer&nbsp;: lecture d\u2019un pamphlet de Claude Tillier.<\/p>\n\n\n\n<p>8 juin&nbsp;: sortie culturelle \u00e0 Bourges en covoiturage&nbsp;: visite de la cath\u00e9drale, du palais Jacques Coeur, du jardin de l\u2019archev\u00each\u00e9, du centre historique et des marais.<\/p>\n\n\n\n<p>29 juin&nbsp;: deux de nos membres, Chantal Boulanger et Viviane Marcelot, jouent \u00e0 la MLAC dans \u00ab&nbsp;Pi\u00e8ces d\u00e9tach\u00e9es&nbsp;\u00bb, pi\u00e8ce de th\u00e9\u00e2tre de Jean-Michel Ribes sous la direction de Xavier Cl\u00e9ment.<\/p>\n\n\n\n<p>13 juillet&nbsp;: Claudine Galmard, sollicit\u00e9e par Viviane Marcelot a accept\u00e9 de donner une conf\u00e9rence sur Claude Tillier et les flotteurs pour la Confr\u00e9rie St-Nicolas, .<\/p>\n\n\n\n<p>Un comit\u00e9 d\u2019\u00e9dition, sugg\u00e9r\u00e9 par Claudine Galmard , a \u00e9t\u00e9 constitu\u00e9 et se r\u00e9unira afin s\u00e9lectionner et de relire les articles propos\u00e9s pour un futur cahier. Il est compos\u00e9 de Claudine Galmard, Fran\u00e7oise Wittmer, Jacqueline Filliozat, Chantal Boulanger et Patrick Montenache.<\/p>\n\n\n\n<p>Adoption des projets 2024 \u00e0 l\u2019unanimit\u00e9.<\/p>\n\n\n\n<p><strong>Conf\u00e9rence de Micha\u00ebl Boudard, charg\u00e9 d\u2019\u00e9tudes documentaires<\/strong><\/p>\n\n\n\n<p><strong>aux archives d\u00e9partementales de la Ni\u00e8vre<\/strong><\/p>\n\n\n\n<p><strong>\u00ab&nbsp;Pierre Malardier &#8211; une vie pour la R\u00e9publique&nbsp;\u00bb<\/strong><\/p>\n\n\n\n<p>En fin de matin\u00e9e, Micha\u00ebl Boudard a magistralement retrac\u00e9 le parcours professionnel et politique de Pierre Malardier (1818 , Brassy &#8211; 1898, Lormes) instituteur r\u00e9publicain tr\u00e8s engag\u00e9 et fervent d\u00e9fenseur des id\u00e9aux d\u00e9mocratiques, \u00e0 laide d\u2019une riche documentation. D\u2019origine paysanne, Malardier \u00e9tait convaincu de la n\u00e9cessit\u00e9 d\u2019\u00e9duquer les masses. Il fut \u00e9lu d\u00e9put\u00e9 de la Ni\u00e8vre en 1849 , prit part \u00e0 de nombreuses manifestations et fut pr\u00e9sent sur la barricade de la rue Ste-Marguerite \u00e0 la suite du coup d\u2019\u00e9tat de 1851, sur laquelle Baudin fut tu\u00e9. Auteur de \u00ab&nbsp;L\u2019\u00e9vangile de la R\u00e9publique&nbsp;\u00bb (1848) et du \u00ab&nbsp;Guide du peuple dans les \u00e9lections&nbsp;\u00bb(1849). Ses activit\u00e9s de militant lui vaudront l\u2019exil en Belgique, en Angleterre et en Suisse. De retour en France, il est battu aux \u00e9lections l\u00e9gislatives en 1869. Il totalisera 8 ann\u00e9es de prison, de 1819 \u00e0 1850 et de 1871 \u00e0 1878. Une vie entrecoup\u00e9e de tentatives de retour \u00e0 la vie politique en France, de prison , et d\u2019exils forc\u00e9s. Revenu \u00e0 Lormes en 1891, il y mourra en 1894 dans un total d\u00e9nuement.<\/p>\n\n\n\n<p><strong>Sur les pas de Pierre Malardier<\/strong><\/p>\n\n\n\n<p><strong>Balade dans les rues de Lormes, sous la conduite de Jeannine Palenzuela, pr\u00e9sidente de l\u2019association Pierre Malardier<\/strong><\/p>\n\n\n\n<p>Apr\u00e8s un d\u00e9jeuner au restaurant \u00ab&nbsp;Odessa&nbsp;\u00bb&nbsp;, l\u2019apr\u00e8s-midi a \u00e9t\u00e9 consacr\u00e9 \u00e0 dune d\u00e9ambulation dans Lormes, qui a permis d\u2019abord un arr\u00eat \u00e0 l\u2019\u00e9cole maternelle Pierre Malardier, dans le quartier Henri Bachelin. Ce fut l\u2019occasion pour Jean-Pierre Lacroix, pr\u00e9sident de l\u2019association Henri Bachelin, de parler du c\u00e9l\u00e8bre \u00e9crivain lormois.<\/p>\n\n\n\n<p>Jeannine Palenzuela a conduit ensuite les participants au pensionnat Desportes, o\u00f9 Pierre Malardier fut scolaris\u00e9, grande demeure aujourd\u2019hui propri\u00e9t\u00e9 priv\u00e9e, et \u00e0 la maison natale de l\u2019instituteur et d\u00e9put\u00e9 r\u00e9publicain lormois qui porte une plaque \u00e0 son nom. Ensuite, au cimeti\u00e8re, un arr\u00eat sur la tombe de celui-ci, restaur\u00e9e et orn\u00e9e d\u2019une st\u00e8le en 2020. Jeannine Palenzuela a retrac\u00e9 \u00e0 ce sujet les \u00e9pisodes qui ont conduit \u00e0 cette s\u00e9pulture, depuis l\u2019inhumation de de Pierre Malardier dans une fosse commune, jusqu\u2019\u00e0 son exhumation et son transfert dans une concession \u00e0 perp\u00e9tuit\u00e9 gr\u00e2ce \u00e0 la famille de son bienfaiteur autrichien&nbsp;. Elle ne fut que tardivement localis\u00e9e et r\u00e9habilit\u00e9e r\u00e9cemment par l\u2019action de l\u2019association Pierre Malardier.<\/p>\n\n\n<div class=\"wp-block-image\">\n<figure class=\"aligncenter size-large is-resized\"><img loading=\"lazy\" decoding=\"async\" width=\"1024\" height=\"576\" src=\"https:\/\/amis-claude-tillier.org\/wp-content\/uploads\/2024\/05\/AG-LORMES-1-1024x576.jpg\" alt=\"\" class=\"wp-image-556\" style=\"width:662px;height:auto\" srcset=\"https:\/\/amis-claude-tillier.org\/wp-content\/uploads\/2024\/05\/AG-LORMES-1-1024x576.jpg 1024w, https:\/\/amis-claude-tillier.org\/wp-content\/uploads\/2024\/05\/AG-LORMES-1-300x169.jpg 300w, https:\/\/amis-claude-tillier.org\/wp-content\/uploads\/2024\/05\/AG-LORMES-1-768x432.jpg 768w, https:\/\/amis-claude-tillier.org\/wp-content\/uploads\/2024\/05\/AG-LORMES-1-1536x864.jpg 1536w, https:\/\/amis-claude-tillier.org\/wp-content\/uploads\/2024\/05\/AG-LORMES-1-2048x1152.jpg 2048w, https:\/\/amis-claude-tillier.org\/wp-content\/uploads\/2024\/05\/AG-LORMES-1-1140x641.jpg 1140w\" sizes=\"auto, (max-width: 1024px) 100vw, 1024px\" \/><\/figure>\n<\/div>\n\n\n<h4 class=\"wp-block-heading has-text-align-center\"><strong><em>Le public<\/em><\/strong><\/h4>\n\n\n<div class=\"wp-block-image\">\n<figure class=\"aligncenter size-large is-resized\"><img loading=\"lazy\" decoding=\"async\" width=\"576\" height=\"1024\" src=\"https:\/\/amis-claude-tillier.org\/wp-content\/uploads\/2024\/05\/AG-LORMES-MICHAEL-BOUDARD-576x1024.jpg\" alt=\"\" class=\"wp-image-558\" style=\"width:393px;height:auto\" srcset=\"https:\/\/amis-claude-tillier.org\/wp-content\/uploads\/2024\/05\/AG-LORMES-MICHAEL-BOUDARD-576x1024.jpg 576w, https:\/\/amis-claude-tillier.org\/wp-content\/uploads\/2024\/05\/AG-LORMES-MICHAEL-BOUDARD-169x300.jpg 169w, https:\/\/amis-claude-tillier.org\/wp-content\/uploads\/2024\/05\/AG-LORMES-MICHAEL-BOUDARD-768x1365.jpg 768w, https:\/\/amis-claude-tillier.org\/wp-content\/uploads\/2024\/05\/AG-LORMES-MICHAEL-BOUDARD-864x1536.jpg 864w, https:\/\/amis-claude-tillier.org\/wp-content\/uploads\/2024\/05\/AG-LORMES-MICHAEL-BOUDARD-1152x2048.jpg 1152w, https:\/\/amis-claude-tillier.org\/wp-content\/uploads\/2024\/05\/AG-LORMES-MICHAEL-BOUDARD-1140x2027.jpg 1140w, https:\/\/amis-claude-tillier.org\/wp-content\/uploads\/2024\/05\/AG-LORMES-MICHAEL-BOUDARD-scaled.jpg 1440w\" sizes=\"auto, (max-width: 576px) 100vw, 576px\" \/><\/figure>\n<\/div>\n\n\n<h5 class=\"wp-block-heading has-text-align-center\"><strong><em>Micha\u00ebl Boudard, charg\u00e9 d&rsquo;\u00e9tudes documentaires aux Archives D\u00e9partementales de la Ni\u00e8vre<\/em><\/strong><\/h5>\n","protected":false},"excerpt":{"rendered":"<p>CONF\u00c9RENCE du 20 janvier 2024 Un ami de notre association, dont la modestie n\u2019a d\u2019\u00e9gale que la grande connaissance de la vie et del\u2019\u0153uvre du pamphl\u00e9taire et romancier clamecycois, a donn\u00e9 \u00e0 la m\u00e9diath\u00e8que une conf\u00e9renceintitul\u00e9e \u00ab les adaptations m\u00e9diatiques de l\u2019\u0153uvre de Claude Tillier \u00bb. \u00c9tay\u00e9e par une richeiconographie, sa conf\u00e9rence a pr\u00e9sent\u00e9 ce que le th\u00e9\u00e2tre et le cin\u00e9ma avaient pu produire \u00e0 partir del\u2019\u0153uvre de Claude Tillier, principalement de son c\u00e9l\u00e8bre roman. Du premier film Mon OncleBenjamin en noir et blanc, de 1923, r\u00e9alis\u00e9 et mis en sc\u00e8ne par Ren\u00e9 Leprince jusqu\u2019\u00e0 celuid\u2019\u00c9douard Molinaro de 1969, en passant par diverses adaptations th\u00e9\u00e2trales, comme la pi\u00e8ce deSimone et Jean Drouillet de 1937, jou\u00e9e \u00e0 Clamecy et Corbigny en 2001, ou celle de RobertPouyaud avec le Groupe Artistique de Clamecy en 1947, le conf\u00e9rencier a parcouru presque unsi\u00e8cle de productions artistiques inspir\u00e9es de l\u2019\u0153uvre de Claude Tillier, tout en parlant des acteurset des lieux de tournages, anecdotes \u00e0 l\u2019appui. Une apr\u00e8s-midi tr\u00e8s instructive qui s\u2019est termin\u00e9e parla traditionnelle galette des Rois. BANQUET REPUBLICAIN du 11 f\u00e9vrier 2024 \u00e0 Auxerre Trois membres du conseil d&rsquo;administration ont particip\u00e9 au banquet r\u00e9publicain organis\u00e9 par la Libre Pens\u00e9e de l&rsquo;Yonne ASSEMBLEE GENERALE le 7 avril 2024 \u00e0 Lormes (58) La s\u00e9ance s&rsquo;ouvre \u00e0 9 h 30 dans la salle de la mairie de Lormes par Pierre Li\u00e9geois, responsable l\u00e9gal de l\u2019association Liste de pr\u00e9sence (25 ) Li\u00e9geois Martine, Eurenswiller, Colin Herv\u00e9, Palenzuela Serge, Palenzuela Jeannine, Philibert Mich\u00e8le, Frilley Denise, Mille Jean-Marc, Lindemann Claudine, Maillard Odile, Maillard Pascal, Millot Benjamine, Morel Louise, Eito Fran\u00e7oise, Bierry jean-Luc, Paul Christian, Lacroix Jean-Pierre, Galmard Claudine, Champault Elisabeth, Lemoine Francette, Lemoine Roland, Boulanger Chantal, Li\u00e9geois Pierre, Montenache Patrick, Marcelot Viviane. Absents excus\u00e9s (3)&nbsp; Soenen Madeleine, Taupenot Val\u00e9rie, Muller-Champion Fran\u00e7oise. Pouvoirs&nbsp; (15 ) Halay Reynald, Dutilleul Philippe, Marchand Georges, Marchand Nicole, Colas Josiane, Garnault Bernard, Filliozat Jacqueline, Lautmann Jean-Pierre, Desmet-Gaillard, Corvol Xavier, Villemin Michel, Villemin Marie-Ange, Rignault Francine, Pierre Jean-Louis. Propos liminaires La pr\u00e9sidente de l\u2019association Pierre Malardier, Jeannine Palenzuela, qui a collabor\u00e9 \u00e0 l\u2019organisation de cette assembl\u00e9e g\u00e9n\u00e9rale, remercie les personnes de leur pr\u00e9sence et se r\u00e9jouit du choix de Lormes par l\u2019association des Amis de Claude Tillier. Elle rappelle qu\u2019une pr\u00e9c\u00e9dente assembl\u00e9e g\u00e9n\u00e9rale avait d\u00e9j\u00e0 eu lieu dans la cit\u00e9 morvandelle en 2018, sur les pas d\u2019Henri Bachelin, dont la m\u00e9moire est entretenue par l\u2019association Henri Bachelin, pr\u00e9sid\u00e9e par Jean-Pierre Lacroix. Cette ann\u00e9e, elle se d\u00e9roule sur les pas de Pierre Malardier, grand r\u00e9publicain lormois qui partagea les m\u00eames id\u00e9es politiques, religieuses, sociales et \u00e9ducatives que le pamphl\u00e9taire clamecycois Claude Tillier. La vie de Pierre Malardier sera d\u00e9velopp\u00e9e en fin de matin\u00e9e par une conf\u00e9rence de Micha\u00ebl Boudard, charg\u00e9 d\u2019\u00e9tudes documentaires aux archives d\u00e9partementales de la Ni\u00e8vre. Monsieur le maire de la commune, Christian Paul, souhaite la bienvenue dans sa cit\u00e9 \u00e0 toute l\u2019assistance. Rapport moral pr\u00e9sent\u00e9 par Pierre Li\u00e9geois Bilan des activit\u00e9s de l\u2019exercice 2023 1. R\u00e9unions du conseil d\u2019administration Le conseil d\u2019administration s\u2019est r\u00e9uni \u00e0 deux reprises. Claudine Galmard, pr\u00e9sidente d\u2019honneur a \u00e9t\u00e9 invit\u00e9e \u00e0 l\u2019un d\u2019eux. Quatre membres se sont rencontr\u00e9s plusieurs fois pour travailler et soumettre des propositions \u00e0 l\u2019ensemble du conseil. 2. Activit\u00e9s r\u00e9alis\u00e9es durant l\u2019exercice 2023 14 janvier&nbsp;: A l\u2019occasion de la traditionnelle galette des Rois, projection d\u2019un film r\u00e9alis\u00e9 \u00e0 l\u2019occasion des festivit\u00e9s de 2005 comm\u00e9morant le centenaire de l\u2019inauguration du buste de Claude Tillier en 1905, avec Jules Renard. 2 avril&nbsp;: Assembl\u00e9e g\u00e9n\u00e9rale \u00e0 la salle des f\u00eates d\u2019Armes. Elle a \u00e9t\u00e9 l\u2019occasion d\u2019un commentaire par Christian Rey, membre de l\u2019association et vice-pr\u00e9sident de la SSAC (Soci\u00e9t\u00e9 Scientifique et Artistique de Clamecy), des peintures murales d\u2019Adrien Fister qui d\u00e9corent les murs de cette salle, illustrant les passages pittoresques du roman de Claude Tillier \u00ab&nbsp;Belle-Plante et Corn\u00e9lius&nbsp;\u00bb. L\u2019ascension en montgolfi\u00e8re organis\u00e9e en 2005 a \u00e9t\u00e9 visionn\u00e9e gr\u00e2ce au film amateur de Guy Marcelot. 30 avril&nbsp;: participation aux \u00ab&nbsp;Dupinades&nbsp;\u00bb, festivit\u00e9s organis\u00e9es par la mairie de Varzy. visant \u00e0 tourner en d\u00e9rision Dupin A\u00een\u00e9, d\u00e9put\u00e9 honni de Claude Tillier. Mich\u00e8le Philibert, Viviane Marcelot et Patrick Montenache ont collabor\u00e9 \u00e0 la s\u00e9lection et au commentaire de pamphlets de Tillier visant Dupin, qui ont \u00e9t\u00e9 expos\u00e9s autour des caricatures de ce dernier, dans les rues de Varzy. Une chansonnette humoristique sur l\u2019air de Cadet Roussel, \u00ab&nbsp;Le P\u00e8re Dupin&nbsp;\u00bb a \u00e9t\u00e9 propos\u00e9e. 3 juin&nbsp;: sortie culturelle, avec trois visites guid\u00e9es &nbsp;: ch\u00e2teau de Bazoches, mus\u00e9e Vauban \u00e0 St-L\u00e9ger-Vauban et ch\u00e2teau de Chastellux, un des sites de tournages des sc\u00e8nes du film \u00ab&nbsp;Mon Oncle Benjamin&nbsp;\u00bb d\u2019Edouard Molinaro. De mars \u00e0 juin&nbsp;: cr\u00e9ation d\u2019un site internet \u00ab&nbsp;Claude Tillier&nbsp;\u00bb facilement accessible sur les portables, lors de dix s\u00e9ances le lundi avec Laurent Couturaud, m\u00e9diateur num\u00e9rique \u00e0 la Mission Num\u00e9rique du Pays Nivernais-Morvan. Quatre membres du conseil d\u2019administration ont particip\u00e9 \u00e0 ces r\u00e9unions de travail. Juin&nbsp;: l\u2019association avallonnaise \u00ab&nbsp;Loisirs et Culture en Avallonnais&nbsp;\u00bb a sollicit\u00e9 Claudine Galmard, pr\u00e9sidente d\u2019honneur et fondatrice de notre association, pour la visite de Clamecy \u00ab&nbsp;Sur les pas de Claude Tillier&nbsp;\u00bb. 3. Publications &#8211; Le bulletin n\u00b0 13 des Cahiers de Claude Tillier (189 pages), tir\u00e9 \u00e0 100 exemplaires, est paru en octobre 2023. Il contient 7 articles principaux et divers comptes-rendus d\u2019activit\u00e9s, dont nous remercions vivement les auteurs. &#8211; Le roman de Claude Tillier Belle-Plante et Corn\u00e9lius, imprim\u00e9 chez Laballery, a \u00e9t\u00e9 r\u00e9\u00e9dit\u00e9. &#8211; Un pamphlet de Claude Tillier, Sainte Flavie, pr\u00e9fac\u00e9 par Claudine Galmard et \u00e9dit\u00e9 par La Gu\u00eapine, maison d\u2019\u00e9dition de Loches (Indre-et-Loire) est en vente \u00e0 la librairie Le Millefeuille \u00e0 Clamecy. Adoption du rapport moral \u00e0 l\u2019unanimit\u00e9. Rapport financier pr\u00e9sent\u00e9 par Viviane Marcelot, tr\u00e9sori\u00e8re Bilan \u00e9tabli en 2024. Les documents comptables \u00e9tablis au 31 d\u00e9cembre 2023 ont \u00e9t\u00e9 vis\u00e9s par Marie-Claude Duparchy et Marie-France Jolimet les 4 et 5 avril 2024. Ce bilan fait appara\u00eetre un d\u00e9ficit de 1.719 \u20ac, les d\u00e9penses occasionn\u00e9es par la r\u00e9alisation du cahier n\u00b013 ayant \u00e9t\u00e9 importantes (3.549\u20ac). Le budget pr\u00e9visionnel 2024 est bien \u00e9quilibr\u00e9 en d\u00e9penses et recettes \u00e0 hauteur de 6.510 \u20ac. Nous remercions les partenaires publics qui ont soutenu l\u2019\u00e9dition du cahier n\u00b013, la ville de Clamecy et le d\u00e9partement de la Ni\u00e8vre, ainsi qu\u2019une donatrice, membre du conseil d\u2019administration qui a fait un don de 1.000 \u20ac. Adoption du rapport financier \u00e0 l\u2019unanimit\u00e9&nbsp;. Conseil d\u2019administration&nbsp;\/ bureau Marie-H\u00e9l\u00e8ne Tr\u00e9heux a quitt\u00e9 le conseil d\u2019administration , qui comporte d\u00e9sormais 9 membres. Chantal Boulanger remplace Viviane Marcelot \u00e0 la tr\u00e9sorerie. Perspectives 2024 20 janvier&nbsp;: Daniel Jarreau a pr\u00e9sent\u00e9 l\u2019\u00ab&nbsp;adaptation m\u00e9diatique des \u0153uvres de Claude Tillier&nbsp;\u00bb, \u00e0 la m\u00e9diath\u00e8que, \u00e0 l\u2019occasion de la galette des Rois Une conf\u00e9rence richement document\u00e9e sur l\u2019exploitation th\u00e9\u00e2trale et cin\u00e9matographique des romans de Claude Tillier. 11 f\u00e9vrier&nbsp;: 3 membres du C.A. ont particip\u00e9 au Banquet R\u00e9publicain \u00e0 Auxerre, organis\u00e9 par la Libre pens\u00e9e de l\u2019Yonne. Conf\u00e9rence de l\u2019historien Alain Chicouard \u00ab&nbsp;le conflit isra\u00e9lo-palestinien, origines, enjeux, perspectives&nbsp;\u00bb. Evocation musicale de l\u2019Affiche Rouge avec G\u00e9rard-Andr\u00e9, Jacques Guillaume. Jean-No\u00ebl Gu\u00e9nard, pr\u00e9sident de la Libre Pens\u00e9e de l\u2019Yonne, a pr\u00e9sent\u00e9 notre association aux participants. 4 mai&nbsp;: A 15 h \u00e0 la m\u00e9diath\u00e8que, conf\u00e9rence de Jacques Guillaume&nbsp;: \u00ab&nbsp;Alexandre Marius Jacob et les travailleurs de la nuit&nbsp;\u00bb. Le conf\u00e9rencier sera invit\u00e9 \u00e0 d\u00e9jeuner. Date \u00e0 d\u00e9terminer&nbsp;: lecture d\u2019un pamphlet de Claude Tillier. 8 juin&nbsp;: sortie culturelle \u00e0 Bourges en covoiturage&nbsp;: visite de la cath\u00e9drale, du palais Jacques Coeur, du jardin de l\u2019archev\u00each\u00e9, du centre historique et des marais. 29 juin&nbsp;: deux de nos membres, Chantal Boulanger et Viviane Marcelot, jouent \u00e0 la MLAC dans \u00ab&nbsp;Pi\u00e8ces d\u00e9tach\u00e9es&nbsp;\u00bb, pi\u00e8ce de th\u00e9\u00e2tre de Jean-Michel Ribes sous la direction de Xavier Cl\u00e9ment. 13 juillet&nbsp;: Claudine Galmard, sollicit\u00e9e par Viviane Marcelot a accept\u00e9 de donner une conf\u00e9rence sur Claude Tillier et les flotteurs pour la Confr\u00e9rie St-Nicolas, . Un comit\u00e9 d\u2019\u00e9dition, sugg\u00e9r\u00e9 par Claudine Galmard , a \u00e9t\u00e9 constitu\u00e9 et se r\u00e9unira afin s\u00e9lectionner et de relire les articles propos\u00e9s pour un futur cahier. Il est compos\u00e9 de Claudine Galmard, Fran\u00e7oise Wittmer, Jacqueline Filliozat, Chantal Boulanger et Patrick Montenache. Adoption des projets 2024 \u00e0 l\u2019unanimit\u00e9. Conf\u00e9rence de Micha\u00ebl Boudard, charg\u00e9 d\u2019\u00e9tudes documentaires aux archives d\u00e9partementales de la Ni\u00e8vre \u00ab&nbsp;Pierre Malardier &#8211; une vie pour la R\u00e9publique&nbsp;\u00bb En fin de matin\u00e9e, Micha\u00ebl Boudard a magistralement retrac\u00e9 le parcours professionnel et politique de Pierre Malardier (1818 , Brassy &#8211; 1898, Lormes) instituteur r\u00e9publicain tr\u00e8s engag\u00e9 et fervent d\u00e9fenseur des id\u00e9aux d\u00e9mocratiques, \u00e0 laide d\u2019une riche documentation. D\u2019origine paysanne, Malardier \u00e9tait convaincu de la n\u00e9cessit\u00e9 d\u2019\u00e9duquer les masses. Il fut \u00e9lu d\u00e9put\u00e9 de la Ni\u00e8vre en 1849 , prit part \u00e0 de nombreuses manifestations et fut pr\u00e9sent sur la barricade de la rue Ste-Marguerite \u00e0 la suite du coup d\u2019\u00e9tat de 1851, sur laquelle Baudin fut tu\u00e9. Auteur de \u00ab&nbsp;L\u2019\u00e9vangile de la R\u00e9publique&nbsp;\u00bb (1848) et du \u00ab&nbsp;Guide du peuple dans les \u00e9lections&nbsp;\u00bb(1849). Ses activit\u00e9s de militant lui vaudront l\u2019exil en Belgique, en Angleterre et en Suisse. De retour en France, il est battu aux \u00e9lections l\u00e9gislatives en 1869. Il totalisera 8 ann\u00e9es de prison, de 1819 \u00e0 1850 et de 1871 \u00e0 1878. Une vie entrecoup\u00e9e de tentatives de retour \u00e0 la vie politique en France, de prison , et d\u2019exils forc\u00e9s. Revenu \u00e0 Lormes en 1891, il y mourra en 1894 dans un total d\u00e9nuement. Sur les pas de Pierre Malardier Balade dans les rues de Lormes, sous la conduite de Jeannine Palenzuela, pr\u00e9sidente de l\u2019association Pierre Malardier Apr\u00e8s un d\u00e9jeuner au restaurant \u00ab&nbsp;Odessa&nbsp;\u00bb&nbsp;, l\u2019apr\u00e8s-midi a \u00e9t\u00e9 consacr\u00e9 \u00e0 dune d\u00e9ambulation dans Lormes, qui a permis d\u2019abord un arr\u00eat \u00e0 l\u2019\u00e9cole maternelle Pierre Malardier, dans le quartier Henri Bachelin. Ce fut l\u2019occasion pour Jean-Pierre Lacroix, pr\u00e9sident de l\u2019association Henri Bachelin, de parler du c\u00e9l\u00e8bre \u00e9crivain lormois. Jeannine Palenzuela a conduit ensuite les participants au pensionnat Desportes, o\u00f9 Pierre Malardier fut scolaris\u00e9, grande demeure aujourd\u2019hui propri\u00e9t\u00e9 priv\u00e9e, et \u00e0 la maison natale de l\u2019instituteur et d\u00e9put\u00e9 r\u00e9publicain lormois qui porte une plaque \u00e0 son nom. Ensuite, au cimeti\u00e8re, un arr\u00eat sur la tombe de celui-ci, restaur\u00e9e et orn\u00e9e d\u2019une st\u00e8le en 2020. Jeannine Palenzuela a retrac\u00e9 \u00e0 ce sujet les \u00e9pisodes qui ont conduit \u00e0 cette s\u00e9pulture, depuis l\u2019inhumation de de Pierre Malardier dans une fosse commune, jusqu\u2019\u00e0 son exhumation et son transfert dans une concession \u00e0 perp\u00e9tuit\u00e9 gr\u00e2ce \u00e0 la famille de son bienfaiteur autrichien&nbsp;. Elle ne fut que tardivement localis\u00e9e et r\u00e9habilit\u00e9e r\u00e9cemment par l\u2019action de l\u2019association Pierre Malardier. Le public Micha\u00ebl Boudard, charg\u00e9 d&rsquo;\u00e9tudes documentaires aux Archives D\u00e9partementales de la Ni\u00e8vre<\/p>\n","protected":false},"author":1,"featured_media":0,"parent":0,"menu_order":0,"comment_status":"closed","ping_status":"closed","template":"","meta":{"footnotes":""},"class_list":["post-512","page","type-page","status-publish","hentry"],"_links":{"self":[{"href":"https:\/\/amis-claude-tillier.org\/index.php\/wp-json\/wp\/v2\/pages\/512","targetHints":{"allow":["GET"]}}],"collection":[{"href":"https:\/\/amis-claude-tillier.org\/index.php\/wp-json\/wp\/v2\/pages"}],"about":[{"href":"https:\/\/amis-claude-tillier.org\/index.php\/wp-json\/wp\/v2\/types\/page"}],"author":[{"embeddable":true,"href":"https:\/\/amis-claude-tillier.org\/index.php\/wp-json\/wp\/v2\/users\/1"}],"replies":[{"embeddable":true,"href":"https:\/\/amis-claude-tillier.org\/index.php\/wp-json\/wp\/v2\/comments?post=512"}],"version-history":[{"count":10,"href":"https:\/\/amis-claude-tillier.org\/index.php\/wp-json\/wp\/v2\/pages\/512\/revisions"}],"predecessor-version":[{"id":564,"href":"https:\/\/amis-claude-tillier.org\/index.php\/wp-json\/wp\/v2\/pages\/512\/revisions\/564"}],"wp:attachment":[{"href":"https:\/\/amis-claude-tillier.org\/index.php\/wp-json\/wp\/v2\/media?parent=512"}],"curies":[{"name":"wp","href":"https:\/\/api.w.org\/{rel}","templated":true}]}}