{"id":385,"date":"2023-10-20T16:37:44","date_gmt":"2023-10-20T14:37:44","guid":{"rendered":"https:\/\/amis-claude-tillier.org\/?page_id=385"},"modified":"2026-03-13T12:29:27","modified_gmt":"2026-03-13T11:29:27","slug":"boutique","status":"publish","type":"page","link":"https:\/\/amis-claude-tillier.org\/index.php\/boutique\/","title":{"rendered":"Boutique"},"content":{"rendered":"\n<p><strong>L&rsquo;association des Amis de Claude Tillier vous propose \u00e0 la vente des articles ou des ouvrages sur le th\u00e8me de l&rsquo;\u00e9crivain Claude Tillier.<\/strong><\/p>\n\n\n\n<div style=\"height:50px\" aria-hidden=\"true\" class=\"wp-block-spacer\"><\/div>\n\n\n\n<hr class=\"wp-block-separator has-alpha-channel-opacity\"\/>\n\n\n\n<div style=\"height:50px\" aria-hidden=\"true\" class=\"wp-block-spacer\"><\/div>\n\n\n\n<div class=\"wp-block-media-text is-stacked-on-mobile is-vertically-aligned-top\" style=\"grid-template-columns:22% auto\"><figure class=\"wp-block-media-text__media\"><img loading=\"lazy\" decoding=\"async\" width=\"771\" height=\"1024\" src=\"https:\/\/amis-claude-tillier.org\/wp-content\/uploads\/2023\/07\/MOB-2019-RECADREE--771x1024.jpg\" alt=\"\" class=\"wp-image-369 size-full\" srcset=\"https:\/\/amis-claude-tillier.org\/wp-content\/uploads\/2023\/07\/MOB-2019-RECADREE--771x1024.jpg 771w, https:\/\/amis-claude-tillier.org\/wp-content\/uploads\/2023\/07\/MOB-2019-RECADREE--226x300.jpg 226w, https:\/\/amis-claude-tillier.org\/wp-content\/uploads\/2023\/07\/MOB-2019-RECADREE--768x1020.jpg 768w, https:\/\/amis-claude-tillier.org\/wp-content\/uploads\/2023\/07\/MOB-2019-RECADREE-.jpg 1129w\" sizes=\"auto, (max-width: 771px) 100vw, 771px\" \/><\/figure><div class=\"wp-block-media-text__content\">\n<h2 class=\"wp-block-heading\">MON ONCLE BENJAMIN<\/h2>\n\n\n\n<p><em>Claude Tillier<\/em><br><br>R\u00e9\u00e9dition de Mon Oncle Benjamin, d&rsquo;apr\u00e8s l&rsquo;\u00e9dition de 1926 (\u00e9dition d&rsquo;arts d\u2019\u00c9douard Pelletan avec gravures sur bois originales de Fernand Sim\u00e9on. La couverture est l\u2019\u0153uvre de R\u00e9mi Cholet, artiste-peintre clamecycois.<br><em>Livre disponible \u00e0 la librairie Le Millefeuille \u00e0 Clamecy ou directement \u00e0 l&rsquo;association des Amis de Claude Tillier (<a href=\"https:\/\/amis-claude-tillier.org\/index.php\/formulaire-de-contact\/\">Nous contacter<\/a>).<br>Prix : <strong>20 \u20ac<\/strong> (Frais de port en sus)<\/em><\/p>\n<\/div><\/div>\n\n\n\n<div style=\"height:50px\" aria-hidden=\"true\" class=\"wp-block-spacer\"><\/div>\n\n\n\n<hr class=\"wp-block-separator has-alpha-channel-opacity\"\/>\n\n\n\n<div style=\"height:50px\" aria-hidden=\"true\" class=\"wp-block-spacer\"><\/div>\n\n\n\n<div class=\"wp-block-media-text has-media-on-the-right is-stacked-on-mobile is-vertically-aligned-top\" style=\"grid-template-columns:auto 27%\"><div class=\"wp-block-media-text__content\">\n<h2 class=\"wp-block-heading\">MON ONCLE BENJAMIN<\/h2>\n\n\n\n<p><em>Claude Tillier<\/em><\/p>\n\n\n\n<p><br>\u00c9dition de 2013 en format poche de la version de 1842.<br><em>Livre disponible \u00e0 la librairie Mille feuilles \u00e0 Clamecy ou directement \u00e0 l&rsquo;association des Amis de Claude Tillier (<a href=\"https:\/\/amis-claude-tillier.org\/index.php\/formulaire-de-contact\/\">Nous contacter<\/a>).<br>Prix : <strong>7 \u20ac<\/strong> (Frais de port en sus)<\/em><\/p>\n\n\n\n<p><\/p>\n<\/div><figure class=\"wp-block-media-text__media\"><img loading=\"lazy\" decoding=\"async\" width=\"607\" height=\"1024\" src=\"https:\/\/amis-claude-tillier.org\/wp-content\/uploads\/2023\/10\/20231020_154306-607x1024.jpg\" alt=\"\" class=\"wp-image-386 size-full\" srcset=\"https:\/\/amis-claude-tillier.org\/wp-content\/uploads\/2023\/10\/20231020_154306-607x1024.jpg 607w, https:\/\/amis-claude-tillier.org\/wp-content\/uploads\/2023\/10\/20231020_154306-178x300.jpg 178w, https:\/\/amis-claude-tillier.org\/wp-content\/uploads\/2023\/10\/20231020_154306-768x1295.jpg 768w, https:\/\/amis-claude-tillier.org\/wp-content\/uploads\/2023\/10\/20231020_154306-911x1536.jpg 911w, https:\/\/amis-claude-tillier.org\/wp-content\/uploads\/2023\/10\/20231020_154306-1215x2048.jpg 1215w, https:\/\/amis-claude-tillier.org\/wp-content\/uploads\/2023\/10\/20231020_154306-1140x1922.jpg 1140w, https:\/\/amis-claude-tillier.org\/wp-content\/uploads\/2023\/10\/20231020_154306-scaled.jpg 1518w\" sizes=\"auto, (max-width: 607px) 100vw, 607px\" \/><\/figure><\/div>\n\n\n\n<div style=\"height:50px\" aria-hidden=\"true\" class=\"wp-block-spacer\"><\/div>\n\n\n\n<hr class=\"wp-block-separator has-alpha-channel-opacity\"\/>\n\n\n\n<div style=\"height:50px\" aria-hidden=\"true\" class=\"wp-block-spacer\"><\/div>\n\n\n\n<div class=\"wp-block-media-text is-stacked-on-mobile is-vertically-aligned-top\" style=\"grid-template-columns:35% auto\"><figure class=\"wp-block-media-text__media\"><img loading=\"lazy\" decoding=\"async\" width=\"768\" height=\"1024\" src=\"https:\/\/amis-claude-tillier.org\/wp-content\/uploads\/2023\/10\/IMG_5204-768x1024.jpg\" alt=\"\" class=\"wp-image-387 size-full\" srcset=\"https:\/\/amis-claude-tillier.org\/wp-content\/uploads\/2023\/10\/IMG_5204-768x1024.jpg 768w, https:\/\/amis-claude-tillier.org\/wp-content\/uploads\/2023\/10\/IMG_5204-225x300.jpg 225w, https:\/\/amis-claude-tillier.org\/wp-content\/uploads\/2023\/10\/IMG_5204-1152x1536.jpg 1152w, https:\/\/amis-claude-tillier.org\/wp-content\/uploads\/2023\/10\/IMG_5204-1536x2048.jpg 1536w, https:\/\/amis-claude-tillier.org\/wp-content\/uploads\/2023\/10\/IMG_5204-1140x1520.jpg 1140w, https:\/\/amis-claude-tillier.org\/wp-content\/uploads\/2023\/10\/IMG_5204.jpg 1728w\" sizes=\"auto, (max-width: 768px) 100vw, 768px\" \/><\/figure><div class=\"wp-block-media-text__content\">\n<h2 class=\"wp-block-heading\">BELLE-PLANTE ET CORN\u00c9LIUS<\/h2>\n\n\n\n<p><em>Claude Tillier<\/em><br><br>En novembre 2023, r\u00e9\u00e9dition de 2013 de la premi\u00e8re \u00e9dition du 9 mars 1943.<br>Introduction de Claudine Galmard. Pr\u00e9face de Jules Renard<br>(discours de 1905).<br><em>Livre disponible \u00e0 la librairie Le Millefeuille \u00e0 Clamecy ou directement \u00e0 l&rsquo;association des Amis de Claude Tillier (<a href=\"https:\/\/amis-claude-tillier.org\/index.php\/formulaire-de-contact\/\">Nous contacter<\/a>).<br>Prix : <strong>12 \u20ac <\/strong>(Frais de port en sus)<\/em><\/p>\n\n\n\n<p><\/p>\n<\/div><\/div>\n\n\n\n<div style=\"height:50px\" aria-hidden=\"true\" class=\"wp-block-spacer\"><\/div>\n\n\n\n<hr class=\"wp-block-separator has-alpha-channel-opacity\"\/>\n\n\n\n<div style=\"height:50px\" aria-hidden=\"true\" class=\"wp-block-spacer\"><\/div>\n\n\n\n<div class=\"wp-block-media-text has-media-on-the-right is-stacked-on-mobile is-vertically-aligned-top\" style=\"grid-template-columns:auto 25%\"><div class=\"wp-block-media-text__content\">\n<h2 class=\"wp-block-heading\">DEUX CONTES<\/h2>\n\n\n\n<p><em>Claude Tillier<\/em><br><br>Chroniques nivernaises : <br>&#8211; Comment le chanoine eut peur<br>&#8211; Comment le capitaine eut peur<br>Pr\u00e9face de Claudine Galmard, ancienne pr\u00e9sidente de l&rsquo;association.<br>Edit\u00e9 en 2013.<br><em>Livre disponible \u00e0 la librairie Le Millefeuille \u00e0 Clamecy ou directement \u00e0 l&rsquo;association des Amis de Claude Tillier (<a href=\"https:\/\/amis-claude-tillier.org\/index.php\/formulaire-de-contact\/\">Nous contacter<\/a>).<br>Prix : <strong>10 \u20ac<\/strong> (Frais de port en sus)<\/em><\/p>\n<\/div><figure class=\"wp-block-media-text__media\"><img loading=\"lazy\" decoding=\"async\" width=\"768\" height=\"1024\" src=\"https:\/\/amis-claude-tillier.org\/wp-content\/uploads\/2023\/10\/DEUX-CONTES-Chroniques-nivernaises--768x1024.jpg\" alt=\"\" class=\"wp-image-388 size-full\" srcset=\"https:\/\/amis-claude-tillier.org\/wp-content\/uploads\/2023\/10\/DEUX-CONTES-Chroniques-nivernaises--768x1024.jpg 768w, https:\/\/amis-claude-tillier.org\/wp-content\/uploads\/2023\/10\/DEUX-CONTES-Chroniques-nivernaises--225x300.jpg 225w, https:\/\/amis-claude-tillier.org\/wp-content\/uploads\/2023\/10\/DEUX-CONTES-Chroniques-nivernaises--1152x1536.jpg 1152w, https:\/\/amis-claude-tillier.org\/wp-content\/uploads\/2023\/10\/DEUX-CONTES-Chroniques-nivernaises--1536x2048.jpg 1536w, https:\/\/amis-claude-tillier.org\/wp-content\/uploads\/2023\/10\/DEUX-CONTES-Chroniques-nivernaises--1140x1520.jpg 1140w, https:\/\/amis-claude-tillier.org\/wp-content\/uploads\/2023\/10\/DEUX-CONTES-Chroniques-nivernaises-.jpg 1728w\" sizes=\"auto, (max-width: 768px) 100vw, 768px\" \/><\/figure><\/div>\n\n\n\n<div style=\"height:50px\" aria-hidden=\"true\" class=\"wp-block-spacer\"><\/div>\n\n\n\n<hr class=\"wp-block-separator has-alpha-channel-opacity\"\/>\n\n\n\n<div style=\"height:50px\" aria-hidden=\"true\" class=\"wp-block-spacer\"><\/div>\n\n\n\n<div class=\"wp-block-media-text is-stacked-on-mobile is-vertically-aligned-top\" style=\"grid-template-columns:52% auto\"><figure class=\"wp-block-media-text__media\"><img loading=\"lazy\" decoding=\"async\" width=\"1024\" height=\"768\" src=\"https:\/\/amis-claude-tillier.org\/wp-content\/uploads\/2023\/11\/LES-DEUX-TOMES-DES-PAMPHLETS-1-1-1024x768.jpg\" alt=\"\" class=\"wp-image-447 size-full\" srcset=\"https:\/\/amis-claude-tillier.org\/wp-content\/uploads\/2023\/11\/LES-DEUX-TOMES-DES-PAMPHLETS-1-1-1024x768.jpg 1024w, https:\/\/amis-claude-tillier.org\/wp-content\/uploads\/2023\/11\/LES-DEUX-TOMES-DES-PAMPHLETS-1-1-300x225.jpg 300w, https:\/\/amis-claude-tillier.org\/wp-content\/uploads\/2023\/11\/LES-DEUX-TOMES-DES-PAMPHLETS-1-1-768x576.jpg 768w, https:\/\/amis-claude-tillier.org\/wp-content\/uploads\/2023\/11\/LES-DEUX-TOMES-DES-PAMPHLETS-1-1-1536x1152.jpg 1536w, https:\/\/amis-claude-tillier.org\/wp-content\/uploads\/2023\/11\/LES-DEUX-TOMES-DES-PAMPHLETS-1-1-2048x1536.jpg 2048w, https:\/\/amis-claude-tillier.org\/wp-content\/uploads\/2023\/11\/LES-DEUX-TOMES-DES-PAMPHLETS-1-1-1140x855.jpg 1140w\" sizes=\"auto, (max-width: 1024px) 100vw, 1024px\" \/><\/figure><div class=\"wp-block-media-text__content\">\n<h2 class=\"wp-block-heading\">PAMPHLETS<\/h2>\n\n\n\n<p><em>Claude Tillier<\/em>                                                                                               Tomes I et II<\/p>\n\n\n\n<p>\u00c9dition compl\u00e8te de 1906, r\u00e9\u00e9dit\u00e9e en 2014<\/p>\n\n\n\n<p><em>Livres disponibles \u00e0 la librairie Le  Millefeuille \u00e0 Clamecy ou directement \u00e0 l&rsquo;association des Amis de Claude Tillier (<a href=\"https:\/\/amis-claude-tillier.org\/index.php\/formulaire-de-contact\/\">Nous contacter<\/a>).<\/em><\/p>\n\n\n\n<p>Prix : <strong>20 \u20ac<\/strong> pi\u00e8ce.<\/p>\n<\/div><\/div>\n\n\n\n<div style=\"height:50px\" aria-hidden=\"true\" class=\"wp-block-spacer\"><\/div>\n\n\n\n<hr class=\"wp-block-separator has-alpha-channel-opacity\"\/>\n\n\n\n<div style=\"height:50px\" aria-hidden=\"true\" class=\"wp-block-spacer\"><\/div>\n\n\n\n<div class=\"wp-block-media-text has-media-on-the-right is-stacked-on-mobile is-vertically-aligned-top\" style=\"grid-template-columns:auto 35%\"><div class=\"wp-block-media-text__content\">\n<h2 class=\"wp-block-heading\">DU PAMPHLET<\/h2>\n\n\n\n<p>16 e au 19e si\u00e8cle.<\/p>\n\n\n\n<p>par Genevi\u00e8ve Chauveau et Claudine Marenco                    <\/p>\n\n\n\n<p>\u00c9dition de 2004.<\/p>\n\n\n\n<p><em>Livre disponible<\/em>  <em>\u00e0 l&rsquo;association des Amis de Claude Tillier (<a href=\"https:\/\/amis-claude-tillier.org\/index.php\/formulaire-de-contact\/\">Nous contacter<\/a>).<\/em> <em>Prix : <strong>7 \u20ac<\/strong>.<\/em><\/p>\n\n\n\n<p><\/p>\n<\/div><figure class=\"wp-block-media-text__media\"><img loading=\"lazy\" decoding=\"async\" width=\"768\" height=\"1024\" src=\"https:\/\/amis-claude-tillier.org\/wp-content\/uploads\/2023\/11\/DU-PAMPHLET-Claudine-Marenco-et-Genevieve-Chauveau-2-768x1024.jpg\" alt=\"\" class=\"wp-image-432 size-full\" srcset=\"https:\/\/amis-claude-tillier.org\/wp-content\/uploads\/2023\/11\/DU-PAMPHLET-Claudine-Marenco-et-Genevieve-Chauveau-2-768x1024.jpg 768w, https:\/\/amis-claude-tillier.org\/wp-content\/uploads\/2023\/11\/DU-PAMPHLET-Claudine-Marenco-et-Genevieve-Chauveau-2-225x300.jpg 225w, https:\/\/amis-claude-tillier.org\/wp-content\/uploads\/2023\/11\/DU-PAMPHLET-Claudine-Marenco-et-Genevieve-Chauveau-2-1152x1536.jpg 1152w, https:\/\/amis-claude-tillier.org\/wp-content\/uploads\/2023\/11\/DU-PAMPHLET-Claudine-Marenco-et-Genevieve-Chauveau-2-1536x2048.jpg 1536w, https:\/\/amis-claude-tillier.org\/wp-content\/uploads\/2023\/11\/DU-PAMPHLET-Claudine-Marenco-et-Genevieve-Chauveau-2-1140x1520.jpg 1140w, https:\/\/amis-claude-tillier.org\/wp-content\/uploads\/2023\/11\/DU-PAMPHLET-Claudine-Marenco-et-Genevieve-Chauveau-2.jpg 1728w\" sizes=\"auto, (max-width: 768px) 100vw, 768px\" \/><\/figure><\/div>\n\n\n\n<div style=\"height:50px\" aria-hidden=\"true\" class=\"wp-block-spacer\"><\/div>\n\n\n\n<hr class=\"wp-block-separator has-alpha-channel-opacity\"\/>\n\n\n\n<div style=\"height:50px\" aria-hidden=\"true\" class=\"wp-block-spacer\"><\/div>\n\n\n\n<div class=\"wp-block-media-text is-stacked-on-mobile is-vertically-aligned-top\" style=\"grid-template-columns:34% auto\"><figure class=\"wp-block-media-text__media\"><img loading=\"lazy\" decoding=\"async\" width=\"768\" height=\"1024\" src=\"https:\/\/amis-claude-tillier.org\/wp-content\/uploads\/2023\/11\/IMG_5200-1-768x1024.jpg\" alt=\"\" class=\"wp-image-452 size-full\" srcset=\"https:\/\/amis-claude-tillier.org\/wp-content\/uploads\/2023\/11\/IMG_5200-1-768x1024.jpg 768w, https:\/\/amis-claude-tillier.org\/wp-content\/uploads\/2023\/11\/IMG_5200-1-225x300.jpg 225w, https:\/\/amis-claude-tillier.org\/wp-content\/uploads\/2023\/11\/IMG_5200-1-1152x1536.jpg 1152w, https:\/\/amis-claude-tillier.org\/wp-content\/uploads\/2023\/11\/IMG_5200-1-1536x2048.jpg 1536w, https:\/\/amis-claude-tillier.org\/wp-content\/uploads\/2023\/11\/IMG_5200-1-1140x1520.jpg 1140w, https:\/\/amis-claude-tillier.org\/wp-content\/uploads\/2023\/11\/IMG_5200-1.jpg 1728w\" sizes=\"auto, (max-width: 768px) 100vw, 768px\" \/><\/figure><div class=\"wp-block-media-text__content\">\n<h2 class=\"wp-block-heading\">DIX ANS DE PAMPHLETS<\/h2>\n\n\n\n<p>2003 &#8211; 2013<\/p>\n\n\n\n<p><strong>Recueil des textes des pamphlets des laur\u00e9ats du concours national de pamphlets et du prix sp\u00e9cial Claude Tillier.<\/strong><\/p>\n\n\n\n<p>\u00c9dit\u00e9 en 2013 par la M\u00e9diath\u00e8que Fran\u00e7ois-Mitterrand de Clamecy. <\/p>\n\n\n\n<p><em>Livre disponible<\/em>  <em>\u00e0 l&rsquo;association des Amis de Claude Tillier (<a href=\"https:\/\/amis-claude-tillier.org\/index.php\/formulaire-de-contact\/\">Nous contacter<\/a>)<\/em>. <em>Prix : <strong>15 \u20ac<\/strong>.<\/em><\/p>\n<\/div><\/div>\n\n\n\n<div style=\"height:50px\" aria-hidden=\"true\" class=\"wp-block-spacer\"><\/div>\n\n\n\n<hr class=\"wp-block-separator has-alpha-channel-opacity\"\/>\n\n\n\n<div style=\"height:50px\" aria-hidden=\"true\" class=\"wp-block-spacer\"><\/div>\n\n\n\n<div class=\"wp-block-media-text has-media-on-the-right is-stacked-on-mobile\" style=\"grid-template-columns:auto 31%\"><div class=\"wp-block-media-text__content\">\n<h2 class=\"wp-block-heading\">AMED\u00c9E DUNOIS<\/h2>\n\n\n\n<p><em>De Clamecy \u00e0 Bergen-Belsen<\/em><\/p>\n\n\n\n<p>\u00c9dition Arbre Bleu 2016.<\/p>\n\n\n\n<p>de Jean-Marie Catonn\u00e9, petit-fils d&rsquo;Am\u00e9d\u00e9e Catonn\u00e9, dit Dunois, th\u00e9oricien socialiste.<\/p>\n\n\n\n<p><em>Livre disponible<\/em> <em>\u00e0 l&rsquo;association des Amis de Claude Tillier (<a href=\"https:\/\/amis-claude-tillier.org\/index.php\/formulaire-de-contact\/\">Nous contacter<\/a>)<\/em>. <em>Prix : <strong>25 \u20ac<\/strong>.<\/em><\/p>\n<\/div><figure class=\"wp-block-media-text__media\"><img loading=\"lazy\" decoding=\"async\" width=\"768\" height=\"1024\" src=\"https:\/\/amis-claude-tillier.org\/wp-content\/uploads\/2023\/11\/IMG_5201-1-768x1024.jpg\" alt=\"\" class=\"wp-image-451 size-full\" srcset=\"https:\/\/amis-claude-tillier.org\/wp-content\/uploads\/2023\/11\/IMG_5201-1-768x1024.jpg 768w, https:\/\/amis-claude-tillier.org\/wp-content\/uploads\/2023\/11\/IMG_5201-1-225x300.jpg 225w, https:\/\/amis-claude-tillier.org\/wp-content\/uploads\/2023\/11\/IMG_5201-1-1152x1536.jpg 1152w, https:\/\/amis-claude-tillier.org\/wp-content\/uploads\/2023\/11\/IMG_5201-1-1536x2048.jpg 1536w, https:\/\/amis-claude-tillier.org\/wp-content\/uploads\/2023\/11\/IMG_5201-1-1140x1520.jpg 1140w, https:\/\/amis-claude-tillier.org\/wp-content\/uploads\/2023\/11\/IMG_5201-1.jpg 1728w\" sizes=\"auto, (max-width: 768px) 100vw, 768px\" \/><\/figure><\/div>\n\n\n\n<div style=\"height:50px\" aria-hidden=\"true\" class=\"wp-block-spacer\"><\/div>\n\n\n\n<hr class=\"wp-block-separator has-alpha-channel-opacity\"\/>\n\n\n\n<div style=\"height:50px\" aria-hidden=\"true\" class=\"wp-block-spacer\"><\/div>\n\n\n\n<div class=\"wp-block-media-text is-stacked-on-mobile is-vertically-aligned-top\" style=\"grid-template-columns:37% auto\"><figure class=\"wp-block-media-text__media\"><img loading=\"lazy\" decoding=\"async\" width=\"768\" height=\"1024\" src=\"https:\/\/amis-claude-tillier.org\/wp-content\/uploads\/2023\/11\/DU-COTE-DE-CHEZ-BENJAMIN-1-768x1024-1.jpg\" alt=\"\" class=\"wp-image-455 size-full\" srcset=\"https:\/\/amis-claude-tillier.org\/wp-content\/uploads\/2023\/11\/DU-COTE-DE-CHEZ-BENJAMIN-1-768x1024-1.jpg 768w, https:\/\/amis-claude-tillier.org\/wp-content\/uploads\/2023\/11\/DU-COTE-DE-CHEZ-BENJAMIN-1-768x1024-1-225x300.jpg 225w\" sizes=\"auto, (max-width: 768px) 100vw, 768px\" \/><\/figure><div class=\"wp-block-media-text__content\">\n<h2 class=\"wp-block-heading\">DU C\u00d4T\u00c9 DE CHEZ BENJAMIN<\/h2>\n\n\n\n<p><em><strong>Essai de Jean-Claude Charlet<\/strong><\/em><\/p>\n\n\n\n<p>\u00c9ditions de l&rsquo;Arman\u00e7on. 2005.<\/p>\n\n\n\n<p><em>Livre disponible<\/em> <em>\u00e0 l&rsquo;association des Amis de Claude Tillier (<a href=\"https:\/\/amis-claude-tillier.org\/index.php\/formulaire-de-contact\/\">Nous contacter<\/a>)<\/em>. <em>Prix : <strong>16 \u20ac<\/strong>.<\/em><\/p>\n<\/div><\/div>\n\n\n\n<div style=\"height:50px\" aria-hidden=\"true\" class=\"wp-block-spacer\"><\/div>\n\n\n\n<hr class=\"wp-block-separator has-alpha-channel-opacity\"\/>\n\n\n\n<div style=\"height:50px\" aria-hidden=\"true\" class=\"wp-block-spacer\"><\/div>\n\n\n\n<div class=\"wp-block-media-text has-media-on-the-right is-stacked-on-mobile\" style=\"grid-template-columns:auto 35%\"><div class=\"wp-block-media-text__content\">\n<h2 class=\"wp-block-heading\">CAHIERS CLAUDE TILLIER<\/h2>\n\n\n\n<p class=\"has-text-align-left\"><strong>\u00c9dit\u00e9 par l&rsquo;Association des Amis de Claude Tillier pour la connaissance et la reconnaissance du journaliste, pamphl\u00e9taire et romancier nivernais.<\/strong><\/p>\n\n\n\n<p>N\u00b0 1 : \u00e9puis\u00e9 (d\u00e9cembre 2008) au n\u00b0 13 (octobre 2023)<\/p>\n\n\n\n<p><em>Prix : n\u00b0 2 \u00e0 12, <strong>10 \u20ac l&rsquo;unit\u00e9<\/strong>.<\/em> <\/p>\n\n\n\n<p><em>N\u00b0 13 : <strong>20 \u20ac  <\/strong><\/em><\/p>\n<\/div><figure class=\"wp-block-media-text__media\"><img loading=\"lazy\" decoding=\"async\" width=\"735\" height=\"1024\" src=\"https:\/\/amis-claude-tillier.org\/wp-content\/uploads\/2025\/01\/Cahier-14-1-735x1024.jpg\" alt=\"\" class=\"wp-image-574 size-full\" srcset=\"https:\/\/amis-claude-tillier.org\/wp-content\/uploads\/2025\/01\/Cahier-14-1-735x1024.jpg 735w, https:\/\/amis-claude-tillier.org\/wp-content\/uploads\/2025\/01\/Cahier-14-1-215x300.jpg 215w, https:\/\/amis-claude-tillier.org\/wp-content\/uploads\/2025\/01\/Cahier-14-1-768x1070.jpg 768w, https:\/\/amis-claude-tillier.org\/wp-content\/uploads\/2025\/01\/Cahier-14-1-1103x1536.jpg 1103w, https:\/\/amis-claude-tillier.org\/wp-content\/uploads\/2025\/01\/Cahier-14-1-1470x2048.jpg 1470w, https:\/\/amis-claude-tillier.org\/wp-content\/uploads\/2025\/01\/Cahier-14-1-1140x1588.jpg 1140w, https:\/\/amis-claude-tillier.org\/wp-content\/uploads\/2025\/01\/Cahier-14-1-scaled.jpg 1838w\" sizes=\"auto, (max-width: 735px) 100vw, 735px\" \/><\/figure><\/div>\n\n\n\n<div style=\"height:50px\" aria-hidden=\"true\" class=\"wp-block-spacer\"><\/div>\n\n\n\n<hr class=\"wp-block-separator has-alpha-channel-opacity\"\/>\n\n\n\n<div style=\"height:50px\" aria-hidden=\"true\" class=\"wp-block-spacer\"><\/div>\n\n\n\n<div class=\"wp-block-media-text is-stacked-on-mobile\" style=\"grid-template-columns:35% auto\"><figure class=\"wp-block-media-text__media\"><img loading=\"lazy\" decoding=\"async\" width=\"768\" height=\"1024\" src=\"https:\/\/amis-claude-tillier.org\/wp-content\/uploads\/2024\/02\/CHOCOLAT-MON-ONCLE-BENJAMIN-768x1024.jpg\" alt=\"\" class=\"wp-image-506 size-full\" srcset=\"https:\/\/amis-claude-tillier.org\/wp-content\/uploads\/2024\/02\/CHOCOLAT-MON-ONCLE-BENJAMIN-768x1024.jpg 768w, https:\/\/amis-claude-tillier.org\/wp-content\/uploads\/2024\/02\/CHOCOLAT-MON-ONCLE-BENJAMIN-225x300.jpg 225w, https:\/\/amis-claude-tillier.org\/wp-content\/uploads\/2024\/02\/CHOCOLAT-MON-ONCLE-BENJAMIN-1152x1536.jpg 1152w, https:\/\/amis-claude-tillier.org\/wp-content\/uploads\/2024\/02\/CHOCOLAT-MON-ONCLE-BENJAMIN-1536x2048.jpg 1536w, https:\/\/amis-claude-tillier.org\/wp-content\/uploads\/2024\/02\/CHOCOLAT-MON-ONCLE-BENJAMIN-1140x1520.jpg 1140w, https:\/\/amis-claude-tillier.org\/wp-content\/uploads\/2024\/02\/CHOCOLAT-MON-ONCLE-BENJAMIN-rotated.jpg 1728w\" sizes=\"auto, (max-width: 768px) 100vw, 768px\" \/><\/figure><div class=\"wp-block-media-text__content\">\n<h2 class=\"wp-block-heading\">Chocolats \u00ab\u00a0Mon Oncle Benjamin\u00a0\u00bb<\/h2>\n\n\n\n<p><strong>Ganache au marc de Bourgogne. Enrobage extra bitter 61 %. En vente \u00e0 la chocolaterie Portal, 22 rue de la Monnaie 58500 CLAMECY.<\/strong><\/p>\n\n\n\n<p><a href=\"https:\/\/www.emmanuel-portal.fr\/\" data-type=\"link\" data-id=\"https:\/\/www.emmanuel-portal.fr\/\">Emmanuel Portal Patissier Chocolatier Glacier Confiseur<\/a><\/p>\n\n\n\n<p><\/p>\n<\/div><\/div>\n\n\n\n<p><\/p>\n\n\n\n<p>__________________________________________________________________________________________________________________<\/p>\n\n\n\n<h2 class=\"wp-block-heading\">BD Mon Oncle Benjamin<\/h2>\n\n\n\n<h4 class=\"wp-block-heading\">Une nouveaut\u00e9 2026 pour les jeunes et les moins jeunes : la bande dessin\u00e9e \u00ab\u00a0Mon Oncle Benjamin\u00a0\u00bb r\u00e9alis\u00e9e par deux artistes nivernais, Nicole Lairez-Sosiewicz et Eric Auxerre, d&rsquo;apr\u00e8s le c\u00e9l\u00e8bre roman de Claude Tillier.<\/h4>\n\n\n<div class=\"wp-block-image\">\n<figure class=\"aligncenter size-large is-resized\"><img loading=\"lazy\" decoding=\"async\" width=\"684\" height=\"1024\" src=\"https:\/\/amis-claude-tillier.org\/wp-content\/uploads\/2026\/03\/BD-MOB-RECTO-684x1024.jpg\" alt=\"\" class=\"wp-image-591\" style=\"aspect-ratio:0.6679723739820637;width:498px;height:auto\" srcset=\"https:\/\/amis-claude-tillier.org\/wp-content\/uploads\/2026\/03\/BD-MOB-RECTO-684x1024.jpg 684w, https:\/\/amis-claude-tillier.org\/wp-content\/uploads\/2026\/03\/BD-MOB-RECTO-200x300.jpg 200w, https:\/\/amis-claude-tillier.org\/wp-content\/uploads\/2026\/03\/BD-MOB-RECTO-768x1150.jpg 768w, https:\/\/amis-claude-tillier.org\/wp-content\/uploads\/2026\/03\/BD-MOB-RECTO-1026x1536.jpg 1026w, https:\/\/amis-claude-tillier.org\/wp-content\/uploads\/2026\/03\/BD-MOB-RECTO-1140x1707.jpg 1140w, https:\/\/amis-claude-tillier.org\/wp-content\/uploads\/2026\/03\/BD-MOB-RECTO-rotated.jpg 1368w\" sizes=\"auto, (max-width: 684px) 100vw, 684px\" \/><\/figure>\n<\/div>\n\n\n<h3 class=\"wp-block-heading\"><strong>O\u00f9 la trouver ?<\/strong><\/h3>\n\n\n\n<p>Elles est disponible \u00e0 la librairie Le Millefeuille, rue du Grand-March\u00e9 \u00e0 Clamecy ou aupr\u00e8s de l&rsquo;association des Amis de Claude Tillier : contacter Viviane Marcelot (adresse 19  chemin de la Postaillerie 58500 CLAMECY ; t\u00e9l : 03 86 27 03 02 ; e-mail : guy.marcelot@orange.fr).<\/p>\n\n\n\n<p>Prix : 10 \u20ac pour les adh\u00e9rents, 12 \u20ac pour les non adh\u00e9rents. Frais d&rsquo;exp\u00e9dition 7,60 \u20ac. R\u00e8glement possible par virement, voir RIB ci-dessous. <\/p>\n\n\n\n<figure class=\"wp-block-image size-large\"><img loading=\"lazy\" decoding=\"async\" width=\"1024\" height=\"726\" src=\"https:\/\/amis-claude-tillier.org\/wp-content\/uploads\/2026\/03\/RIB-ACT-3-1024x726.jpg\" alt=\"\" class=\"wp-image-606\" srcset=\"https:\/\/amis-claude-tillier.org\/wp-content\/uploads\/2026\/03\/RIB-ACT-3-1024x726.jpg 1024w, https:\/\/amis-claude-tillier.org\/wp-content\/uploads\/2026\/03\/RIB-ACT-3-300x213.jpg 300w, https:\/\/amis-claude-tillier.org\/wp-content\/uploads\/2026\/03\/RIB-ACT-3-768x544.jpg 768w, https:\/\/amis-claude-tillier.org\/wp-content\/uploads\/2026\/03\/RIB-ACT-3-1140x808.jpg 1140w, https:\/\/amis-claude-tillier.org\/wp-content\/uploads\/2026\/03\/RIB-ACT-3-rotated.jpg 1170w\" sizes=\"auto, (max-width: 1024px) 100vw, 1024px\" \/><\/figure>\n","protected":false},"excerpt":{"rendered":"<p>L&rsquo;association des Amis de Claude Tillier vous propose \u00e0 la vente des articles ou des ouvrages sur le th\u00e8me de l&rsquo;\u00e9crivain Claude Tillier. MON ONCLE BENJAMIN Claude Tillier R\u00e9\u00e9dition de Mon Oncle Benjamin, d&rsquo;apr\u00e8s l&rsquo;\u00e9dition de 1926 (\u00e9dition d&rsquo;arts d\u2019\u00c9douard Pelletan avec gravures sur bois originales de Fernand Sim\u00e9on. La couverture est l\u2019\u0153uvre de R\u00e9mi Cholet, artiste-peintre clamecycois.Livre disponible \u00e0 la librairie Le Millefeuille \u00e0 Clamecy ou directement \u00e0 l&rsquo;association des Amis de Claude Tillier (Nous contacter).Prix : 20 \u20ac (Frais de port en sus) MON ONCLE BENJAMIN Claude Tillier \u00c9dition de 2013 en format poche de la version de 1842.Livre disponible \u00e0 la librairie Mille feuilles \u00e0 Clamecy ou directement \u00e0 l&rsquo;association des Amis de Claude Tillier (Nous contacter).Prix : 7 \u20ac (Frais de port en sus) BELLE-PLANTE ET CORN\u00c9LIUS Claude Tillier En novembre 2023, r\u00e9\u00e9dition de 2013 de la premi\u00e8re \u00e9dition du 9 mars 1943.Introduction de Claudine Galmard. Pr\u00e9face de Jules Renard(discours de 1905).Livre disponible \u00e0 la librairie Le Millefeuille \u00e0 Clamecy ou directement \u00e0 l&rsquo;association des Amis de Claude Tillier (Nous contacter).Prix : 12 \u20ac (Frais de port en sus) DEUX CONTES Claude Tillier Chroniques nivernaises : &#8211; Comment le chanoine eut peur&#8211; Comment le capitaine eut peurPr\u00e9face de Claudine Galmard, ancienne pr\u00e9sidente de l&rsquo;association.Edit\u00e9 en 2013.Livre disponible \u00e0 la librairie Le Millefeuille \u00e0 Clamecy ou directement \u00e0 l&rsquo;association des Amis de Claude Tillier (Nous contacter).Prix : 10 \u20ac (Frais de port en sus) PAMPHLETS Claude Tillier Tomes I et II \u00c9dition compl\u00e8te de 1906, r\u00e9\u00e9dit\u00e9e en 2014 Livres disponibles \u00e0 la librairie Le Millefeuille \u00e0 Clamecy ou directement \u00e0 l&rsquo;association des Amis de Claude Tillier (Nous contacter). Prix : 20 \u20ac pi\u00e8ce. DU PAMPHLET 16 e au 19e si\u00e8cle. par Genevi\u00e8ve Chauveau et Claudine Marenco \u00c9dition de 2004. Livre disponible \u00e0 l&rsquo;association des Amis de Claude Tillier (Nous contacter). Prix : 7 \u20ac. DIX ANS DE PAMPHLETS 2003 &#8211; 2013 Recueil des textes des pamphlets des laur\u00e9ats du concours national de pamphlets et du prix sp\u00e9cial Claude Tillier. \u00c9dit\u00e9 en 2013 par la M\u00e9diath\u00e8que Fran\u00e7ois-Mitterrand de Clamecy. Livre disponible \u00e0 l&rsquo;association des Amis de Claude Tillier (Nous contacter). Prix : 15 \u20ac. AMED\u00c9E DUNOIS De Clamecy \u00e0 Bergen-Belsen \u00c9dition Arbre Bleu 2016. de Jean-Marie Catonn\u00e9, petit-fils d&rsquo;Am\u00e9d\u00e9e Catonn\u00e9, dit Dunois, th\u00e9oricien socialiste. Livre disponible \u00e0 l&rsquo;association des Amis de Claude Tillier (Nous contacter). Prix : 25 \u20ac. DU C\u00d4T\u00c9 DE CHEZ BENJAMIN Essai de Jean-Claude Charlet \u00c9ditions de l&rsquo;Arman\u00e7on. 2005. Livre disponible \u00e0 l&rsquo;association des Amis de Claude Tillier (Nous contacter). Prix : 16 \u20ac. CAHIERS CLAUDE TILLIER \u00c9dit\u00e9 par l&rsquo;Association des Amis de Claude Tillier pour la connaissance et la reconnaissance du journaliste, pamphl\u00e9taire et romancier nivernais. N\u00b0 1 : \u00e9puis\u00e9 (d\u00e9cembre 2008) au n\u00b0 13 (octobre 2023) Prix : n\u00b0 2 \u00e0 12, 10 \u20ac l&rsquo;unit\u00e9. N\u00b0 13 : 20 \u20ac Chocolats \u00ab\u00a0Mon Oncle Benjamin\u00a0\u00bb Ganache au marc de Bourgogne. Enrobage extra bitter 61 %. En vente \u00e0 la chocolaterie Portal, 22 rue de la Monnaie 58500 CLAMECY. Emmanuel Portal Patissier Chocolatier Glacier Confiseur __________________________________________________________________________________________________________________ BD Mon Oncle Benjamin Une nouveaut\u00e9 2026 pour les jeunes et les moins jeunes : la bande dessin\u00e9e \u00ab\u00a0Mon Oncle Benjamin\u00a0\u00bb r\u00e9alis\u00e9e par deux artistes nivernais, Nicole Lairez-Sosiewicz et Eric Auxerre, d&rsquo;apr\u00e8s le c\u00e9l\u00e8bre roman de Claude Tillier. O\u00f9 la trouver ? Elles est disponible \u00e0 la librairie Le Millefeuille, rue du Grand-March\u00e9 \u00e0 Clamecy ou aupr\u00e8s de l&rsquo;association des Amis de Claude Tillier : contacter Viviane Marcelot (adresse 19 chemin de la Postaillerie 58500 CLAMECY ; t\u00e9l : 03 86 27 03 02 ; e-mail : guy.marcelot@orange.fr). Prix : 10 \u20ac pour les adh\u00e9rents, 12 \u20ac pour les non adh\u00e9rents. Frais d&rsquo;exp\u00e9dition 7,60 \u20ac. R\u00e8glement possible par virement, voir RIB ci-dessous.<\/p>\n","protected":false},"author":1,"featured_media":0,"parent":0,"menu_order":0,"comment_status":"closed","ping_status":"closed","template":"","meta":{"footnotes":""},"class_list":["post-385","page","type-page","status-publish","hentry"],"_links":{"self":[{"href":"https:\/\/amis-claude-tillier.org\/index.php\/wp-json\/wp\/v2\/pages\/385","targetHints":{"allow":["GET"]}}],"collection":[{"href":"https:\/\/amis-claude-tillier.org\/index.php\/wp-json\/wp\/v2\/pages"}],"about":[{"href":"https:\/\/amis-claude-tillier.org\/index.php\/wp-json\/wp\/v2\/types\/page"}],"author":[{"embeddable":true,"href":"https:\/\/amis-claude-tillier.org\/index.php\/wp-json\/wp\/v2\/users\/1"}],"replies":[{"embeddable":true,"href":"https:\/\/amis-claude-tillier.org\/index.php\/wp-json\/wp\/v2\/comments?post=385"}],"version-history":[{"count":46,"href":"https:\/\/amis-claude-tillier.org\/index.php\/wp-json\/wp\/v2\/pages\/385\/revisions"}],"predecessor-version":[{"id":607,"href":"https:\/\/amis-claude-tillier.org\/index.php\/wp-json\/wp\/v2\/pages\/385\/revisions\/607"}],"wp:attachment":[{"href":"https:\/\/amis-claude-tillier.org\/index.php\/wp-json\/wp\/v2\/media?parent=385"}],"curies":[{"name":"wp","href":"https:\/\/api.w.org\/{rel}","templated":true}]}}